{"id":1532,"date":"2022-09-15T11:34:27","date_gmt":"2022-09-15T09:34:27","guid":{"rendered":"https:\/\/menorcarent.com\/alquiler-de-coches-en-el-aeropuerto-de-menorca\/"},"modified":"2025-02-25T22:46:29","modified_gmt":"2025-02-25T20:46:29","slug":"lloguer-cotxes-aeroport-menorca","status":"publish","type":"page","link":"https:\/\/www.menorcarent.com\/ca\/lloguer-cotxes-menorca-aeroport.html","title":{"rendered":"Lloguer cotxes aeroport Menorca"},"content":{"rendered":"\t\t<div data-elementor-type=\"wp-page\" data-elementor-id=\"1532\" class=\"elementor elementor-1532 elementor-414\">\n\t\t\t\t\t\t<section class=\"elementor-section elementor-top-section elementor-element elementor-element-c4c2e7e elementor-section-height-min-height elementor-section-boxed elementor-section-height-default elementor-section-items-middle\" data-id=\"c4c2e7e\" data-element_type=\"section\" data-e-type=\"section\">\n\t\t\t\t\t\t\t<div class=\"elementor-background-overlay\"><\/div>\n\t\t\t\t\t\t\t<div class=\"elementor-container elementor-column-gap-default\">\n\t\t\t\t\t<div class=\"elementor-column elementor-col-100 elementor-top-column elementor-element elementor-element-9a02623\" data-id=\"9a02623\" data-element_type=\"column\" data-e-type=\"column\">\n\t\t\t<div class=\"elementor-widget-wrap elementor-element-populated\">\n\t\t\t\t\t\t<section class=\"elementor-section elementor-inner-section elementor-element elementor-element-0a8836a elementor-section-boxed elementor-section-height-default elementor-section-height-default\" data-id=\"0a8836a\" data-element_type=\"section\" data-e-type=\"section\">\n\t\t\t\t\t\t<div class=\"elementor-container elementor-column-gap-default\">\n\t\t\t\t\t<div class=\"elementor-column elementor-col-50 elementor-inner-column elementor-element elementor-element-fb1590d\" data-id=\"fb1590d\" data-element_type=\"column\" data-e-type=\"column\">\n\t\t\t<div class=\"elementor-widget-wrap elementor-element-populated\">\n\t\t\t\t\t\t<div class=\"elementor-element elementor-element-54c01f4 elementor-widget elementor-widget-shortcode\" data-id=\"54c01f4\" data-element_type=\"widget\" data-e-type=\"widget\" id=\"lloguer-cotxes-aeroport-menorca\" data-widget_type=\"shortcode.default\">\n\t\t\t\t\t\t\t<div class=\"elementor-shortcode\">\n<section class=\"mybooking mybooking-selector widget widget_mybooking_renting_engine_selector reservation-step  \">\n  <form\n    id=\"form-selector\"\n    class=\"mybooking-selector_form\"\n    name=\"widget_search_form\"\n    method=\"get\"\n    enctype=\"application\/x-www-form-urlencoded\">\n\n    \n    \n    \n    \n      <\/form>\n<\/section>\n<\/div>\n\t\t\t\t\t\t<\/div>\n\t\t\t\t\t<\/div>\n\t\t<\/div>\n\t\t\t\t<div class=\"elementor-column elementor-col-50 elementor-inner-column elementor-element elementor-element-c21c0ed\" data-id=\"c21c0ed\" data-element_type=\"column\" data-e-type=\"column\">\n\t\t\t<div class=\"elementor-widget-wrap elementor-element-populated\">\n\t\t\t\t\t\t\t<\/div>\n\t\t<\/div>\n\t\t\t\t\t<\/div>\n\t\t<\/section>\n\t\t\t\t\t<\/div>\n\t\t<\/div>\n\t\t\t\t\t<\/div>\n\t\t<\/section>\n\t\t\t\t<section class=\"elementor-section elementor-top-section elementor-element elementor-element-3216e786 elementor-section-boxed elementor-section-height-default elementor-section-height-default\" data-id=\"3216e786\" data-element_type=\"section\" data-e-type=\"section\">\n\t\t\t\t\t\t<div class=\"elementor-container elementor-column-gap-default\">\n\t\t\t\t\t<div class=\"elementor-column elementor-col-100 elementor-top-column elementor-element elementor-element-453a7559\" data-id=\"453a7559\" data-element_type=\"column\" data-e-type=\"column\">\n\t\t\t<div class=\"elementor-widget-wrap elementor-element-populated\">\n\t\t\t\t\t\t<div class=\"elementor-element elementor-element-40a9e108 elementor-widget elementor-widget-heading\" data-id=\"40a9e108\" data-element_type=\"widget\" data-e-type=\"widget\" data-widget_type=\"heading.default\">\n\t\t\t\t\t<h1 class=\"elementor-heading-title elementor-size-default\">Lloguer cotxes aeroport Menorca<\/h1>\t\t\t\t<\/div>\n\t\t\t\t<div class=\"elementor-element elementor-element-4fe0fec elementor-widget elementor-widget-text-editor\" data-id=\"4fe0fec\" data-element_type=\"widget\" data-e-type=\"widget\" data-widget_type=\"text-editor.default\">\n\t\t\t\t\t\t\t\t\t<div class=\"container\"><div class=\"row mt-md-5 bottom-grids mt-sm-5 mt-5\"><div class=\"col-md-12 servicetextgrid\"><p>\u00a0Si busqueu la manera m\u00e9s c\u00f2moda i r\u00e0pida de moure&#8217;t per l&#8217;illa, llogar un cotxe a l&#8217;aeroport de Menorca \u00e9s l&#8217;opci\u00f3 ideal. Amb el vehicle llest nom\u00e9s aterrar, nom\u00e9s haur\u00e0s de recollir les maletes i dirigir-te directament a la teva destinaci\u00f3 sense dependre de transport p\u00fablic ni llargues esperes.<\/p><p>\u00a0El nostre servei de lloguer de cotxes us permet explorar Menorca amb total llibertat, sense horaris ni limitacions. Ja sigui per descobrir cales amagades, rec\u00f3rrer els racons m\u00e9s aut\u00e8ntics de l\u00b4illa o simplement traslladar-te amb comoditat al teu allotjament, comptar amb un cotxe de lloguer \u00e9s la millor alternativa.<\/p><\/div><\/div><\/div>\t\t\t\t\t\t\t\t<\/div>\n\t\t\t\t<div class=\"elementor-element elementor-element-4d316c3 elementor-widget elementor-widget-heading\" data-id=\"4d316c3\" data-element_type=\"widget\" data-e-type=\"widget\" data-widget_type=\"heading.default\">\n\t\t\t\t\t<h2 class=\"elementor-heading-title elementor-size-default\">Per qu\u00e8 Triar el nostre Lloguer de Cotxes a Menorca Aeroport?<\/h2>\t\t\t\t<\/div>\n\t\t\t\t<div class=\"elementor-element elementor-element-1ca73ec elementor-widget elementor-widget-text-editor\" data-id=\"1ca73ec\" data-element_type=\"widget\" data-e-type=\"widget\" data-widget_type=\"text-editor.default\">\n\t\t\t\t\t\t\t\t\t<div class=\"container\"><div class=\"row mt-md-5 bottom-grids mt-sm-5 mt-5\"><div class=\"col-md-12 servicetextgrid\"><p>Si busques una experi\u00e8ncia de lloguer sense complicacions, aquests s\u00f3n alguns dels avantatges que oferim:<\/p><\/div><\/div><\/div>\t\t\t\t\t\t\t\t<\/div>\n\t\t\t\t\t<\/div>\n\t\t<\/div>\n\t\t\t\t\t<\/div>\n\t\t<\/section>\n\t\t\t\t<section class=\"elementor-section elementor-top-section elementor-element elementor-element-9f9b8db elementor-section-boxed elementor-section-height-default elementor-section-height-default\" data-id=\"9f9b8db\" data-element_type=\"section\" data-e-type=\"section\">\n\t\t\t\t\t\t<div class=\"elementor-container elementor-column-gap-default\">\n\t\t\t\t\t<div class=\"elementor-column elementor-col-25 elementor-top-column elementor-element elementor-element-d0642bf\" data-id=\"d0642bf\" data-element_type=\"column\" data-e-type=\"column\">\n\t\t\t<div class=\"elementor-widget-wrap elementor-element-populated\">\n\t\t\t\t\t\t<div class=\"elementor-element elementor-element-97d72fb elementor-view-default elementor-position-block-start elementor-mobile-position-block-start elementor-widget elementor-widget-icon-box\" data-id=\"97d72fb\" data-element_type=\"widget\" data-e-type=\"widget\" data-widget_type=\"icon-box.default\">\n\t\t\t\t\t\t\t<div class=\"elementor-icon-box-wrapper\">\n\n\t\t\t\t\t\t<div class=\"elementor-icon-box-icon\">\n\t\t\t\t<span  class=\"elementor-icon elementor-animation-grow\">\n\t\t\t\t<svg aria-hidden=\"true\" class=\"e-font-icon-svg e-fas-plane-departure\" viewBox=\"0 0 640 512\" xmlns=\"http:\/\/www.w3.org\/2000\/svg\"><path d=\"M624 448H16c-8.84 0-16 7.16-16 16v32c0 8.84 7.16 16 16 16h608c8.84 0 16-7.16 16-16v-32c0-8.84-7.16-16-16-16zM80.55 341.27c6.28 6.84 15.1 10.72 24.33 10.71l130.54-.18a65.62 65.62 0 0 0 29.64-7.12l290.96-147.65c26.74-13.57 50.71-32.94 67.02-58.31 18.31-28.48 20.3-49.09 13.07-63.65-7.21-14.57-24.74-25.27-58.25-27.45-29.85-1.94-59.54 5.92-86.28 19.48l-98.51 49.99-218.7-82.06a17.799 17.799 0 0 0-18-1.11L90.62 67.29c-10.67 5.41-13.25 19.65-5.17 28.53l156.22 98.1-103.21 52.38-72.35-36.47a17.804 17.804 0 0 0-16.07.02L9.91 230.22c-10.44 5.3-13.19 19.12-5.57 28.08l76.21 82.97z\"><\/path><\/svg>\t\t\t\t<\/span>\n\t\t\t<\/div>\n\t\t\t\n\t\t\t\t\t\t<div class=\"elementor-icon-box-content\">\n\n\t\t\t\t\t\t\t\t\t<h6 class=\"elementor-icon-box-title\">\n\t\t\t\t\t\t<span  >\n\t\t\t\t\t\t\tLliurament directe a l'aeroport\t\t\t\t\t\t<\/span>\n\t\t\t\t\t<\/h6>\n\t\t\t\t\n\t\t\t\t\t\t\t\t\t<p class=\"elementor-icon-box-description\">\n\t\t\t\t\t\t\nNom\u00e9s aterrar, el nostre equip estar\u00e0 esperant-te amb el teu cotxe llest perqu\u00e8 comencis el teu viatge sense demores.\t\t\t\t\t<\/p>\n\t\t\t\t\n\t\t\t<\/div>\n\t\t\t\n\t\t<\/div>\n\t\t\t\t\t\t<\/div>\n\t\t\t\t\t<\/div>\n\t\t<\/div>\n\t\t\t\t<div class=\"elementor-column elementor-col-25 elementor-top-column elementor-element elementor-element-ffac237\" data-id=\"ffac237\" data-element_type=\"column\" data-e-type=\"column\">\n\t\t\t<div class=\"elementor-widget-wrap elementor-element-populated\">\n\t\t\t\t\t\t<div class=\"elementor-element elementor-element-061126d elementor-view-default elementor-position-block-start elementor-mobile-position-block-start elementor-widget elementor-widget-icon-box\" data-id=\"061126d\" data-element_type=\"widget\" data-e-type=\"widget\" data-widget_type=\"icon-box.default\">\n\t\t\t\t\t\t\t<div class=\"elementor-icon-box-wrapper\">\n\n\t\t\t\t\t\t<div class=\"elementor-icon-box-icon\">\n\t\t\t\t<span  class=\"elementor-icon elementor-animation-grow\">\n\t\t\t\t<svg aria-hidden=\"true\" class=\"e-font-icon-svg e-fas-car\" viewBox=\"0 0 512 512\" xmlns=\"http:\/\/www.w3.org\/2000\/svg\"><path d=\"M499.99 176h-59.87l-16.64-41.6C406.38 91.63 365.57 64 319.5 64h-127c-46.06 0-86.88 27.63-103.99 70.4L71.87 176H12.01C4.2 176-1.53 183.34.37 190.91l6 24C7.7 220.25 12.5 224 18.01 224h20.07C24.65 235.73 16 252.78 16 272v48c0 16.12 6.16 30.67 16 41.93V416c0 17.67 14.33 32 32 32h32c17.67 0 32-14.33 32-32v-32h256v32c0 17.67 14.33 32 32 32h32c17.67 0 32-14.33 32-32v-54.07c9.84-11.25 16-25.8 16-41.93v-48c0-19.22-8.65-36.27-22.07-48H494c5.51 0 10.31-3.75 11.64-9.09l6-24c1.89-7.57-3.84-14.91-11.65-14.91zm-352.06-17.83c7.29-18.22 24.94-30.17 44.57-30.17h127c19.63 0 37.28 11.95 44.57 30.17L384 208H128l19.93-49.83zM96 319.8c-19.2 0-32-12.76-32-31.9S76.8 256 96 256s48 28.71 48 47.85-28.8 15.95-48 15.95zm320 0c-19.2 0-48 3.19-48-15.95S396.8 256 416 256s32 12.76 32 31.9-12.8 31.9-32 31.9z\"><\/path><\/svg>\t\t\t\t<\/span>\n\t\t\t<\/div>\n\t\t\t\n\t\t\t\t\t\t<div class=\"elementor-icon-box-content\">\n\n\t\t\t\t\t\t\t\t\t<h6 class=\"elementor-icon-box-title\">\n\t\t\t\t\t\t<span  >\n\t\t\t\t\t\t\tSense fiances ni dip\u00f2sits en arribar\t\t\t\t\t\t<\/span>\n\t\t\t\t\t<\/h6>\n\t\t\t\t\n\t\t\t\t\t\t\t\t\t<p class=\"elementor-icon-box-description\">\n\t\t\t\t\t\tAmb nosaltres, no hi ha c\u00e0rrecs sorpresa ni bloquejos a la targeta de cr\u00e8dit.\t\t\t\t\t<\/p>\n\t\t\t\t\n\t\t\t<\/div>\n\t\t\t\n\t\t<\/div>\n\t\t\t\t\t\t<\/div>\n\t\t\t\t\t<\/div>\n\t\t<\/div>\n\t\t\t\t<div class=\"elementor-column elementor-col-25 elementor-top-column elementor-element elementor-element-08378e5\" data-id=\"08378e5\" data-element_type=\"column\" data-e-type=\"column\">\n\t\t\t<div class=\"elementor-widget-wrap elementor-element-populated\">\n\t\t\t\t\t\t<div class=\"elementor-element elementor-element-173318e elementor-view-default elementor-position-block-start elementor-mobile-position-block-start elementor-widget elementor-widget-icon-box\" data-id=\"173318e\" data-element_type=\"widget\" data-e-type=\"widget\" data-widget_type=\"icon-box.default\">\n\t\t\t\t\t\t\t<div class=\"elementor-icon-box-wrapper\">\n\n\t\t\t\t\t\t<div class=\"elementor-icon-box-icon\">\n\t\t\t\t<span  class=\"elementor-icon elementor-animation-grow\">\n\t\t\t\t<svg aria-hidden=\"true\" class=\"e-font-icon-svg e-fas-gas-pump\" viewBox=\"0 0 512 512\" xmlns=\"http:\/\/www.w3.org\/2000\/svg\"><path d=\"M336 448H16c-8.8 0-16 7.2-16 16v32c0 8.8 7.2 16 16 16h320c8.8 0 16-7.2 16-16v-32c0-8.8-7.2-16-16-16zm157.2-340.7l-81-81c-6.2-6.2-16.4-6.2-22.6 0l-11.3 11.3c-6.2 6.2-6.2 16.4 0 22.6L416 97.9V160c0 28.1 20.9 51.3 48 55.2V376c0 13.2-10.8 24-24 24s-24-10.8-24-24v-32c0-48.6-39.4-88-88-88h-8V64c0-35.3-28.7-64-64-64H96C60.7 0 32 28.7 32 64v352h288V304h8c22.1 0 40 17.9 40 40v27.8c0 37.7 27 72 64.5 75.9 43 4.3 79.5-29.5 79.5-71.7V152.6c0-17-6.8-33.3-18.8-45.3zM256 192H96V64h160v128z\"><\/path><\/svg>\t\t\t\t<\/span>\n\t\t\t<\/div>\n\t\t\t\n\t\t\t\t\t\t<div class=\"elementor-icon-box-content\">\n\n\t\t\t\t\t\t\t\t\t<h6 class=\"elementor-icon-box-title\">\n\t\t\t\t\t\t<span  >\n\t\t\t\t\t\t\tPol\u00edtica de combustible justa\t\t\t\t\t\t<\/span>\n\t\t\t\t\t<\/h6>\n\t\t\t\t\n\t\t\t\t\t\t\t\t\t<p class=\"elementor-icon-box-description\">\n\t\t\t\t\t\tPaga \u00fanicament pel combustible que facis servir, sense sobrec\u00e0rrecs inesperats.\t\t\t\t\t<\/p>\n\t\t\t\t\n\t\t\t<\/div>\n\t\t\t\n\t\t<\/div>\n\t\t\t\t\t\t<\/div>\n\t\t\t\t\t<\/div>\n\t\t<\/div>\n\t\t\t\t<div class=\"elementor-column elementor-col-25 elementor-top-column elementor-element elementor-element-8962a6e\" data-id=\"8962a6e\" data-element_type=\"column\" data-e-type=\"column\">\n\t\t\t<div class=\"elementor-widget-wrap elementor-element-populated\">\n\t\t\t\t\t\t<div class=\"elementor-element elementor-element-259648d elementor-view-default elementor-position-block-start elementor-mobile-position-block-start elementor-widget elementor-widget-icon-box\" data-id=\"259648d\" data-element_type=\"widget\" data-e-type=\"widget\" data-widget_type=\"icon-box.default\">\n\t\t\t\t\t\t\t<div class=\"elementor-icon-box-wrapper\">\n\n\t\t\t\t\t\t<div class=\"elementor-icon-box-icon\">\n\t\t\t\t<span  class=\"elementor-icon elementor-animation-grow\">\n\t\t\t\t<svg aria-hidden=\"true\" class=\"e-font-icon-svg e-far-credit-card\" viewBox=\"0 0 576 512\" xmlns=\"http:\/\/www.w3.org\/2000\/svg\"><path d=\"M527.9 32H48.1C21.5 32 0 53.5 0 80v352c0 26.5 21.5 48 48.1 48h479.8c26.6 0 48.1-21.5 48.1-48V80c0-26.5-21.5-48-48.1-48zM54.1 80h467.8c3.3 0 6 2.7 6 6v42H48.1V86c0-3.3 2.7-6 6-6zm467.8 352H54.1c-3.3 0-6-2.7-6-6V256h479.8v170c0 3.3-2.7 6-6 6zM192 332v40c0 6.6-5.4 12-12 12h-72c-6.6 0-12-5.4-12-12v-40c0-6.6 5.4-12 12-12h72c6.6 0 12 5.4 12 12zm192 0v40c0 6.6-5.4 12-12 12H236c-6.6 0-12-5.4-12-12v-40c0-6.6 5.4-12 12-12h136c6.6 0 12 5.4 12 12z\"><\/path><\/svg>\t\t\t\t<\/span>\n\t\t\t<\/div>\n\t\t\t\n\t\t\t\t\t\t<div class=\"elementor-icon-box-content\">\n\n\t\t\t\t\t\t\t\t\t<h6 class=\"elementor-icon-box-title\">\n\t\t\t\t\t\t<span  >\n\t\t\t\t\t\t\tSense necessitat de targeta de cr\u00e8dit\t\t\t\t\t\t<\/span>\n\t\t\t\t\t<\/h6>\n\t\t\t\t\n\t\t\t\t\t\t\t\t\t<p class=\"elementor-icon-box-description\">\n\t\t\t\t\t\tPots reservar sense preocupacions i sense retencions al teu compte - tarjeta\t\t\t\t\t<\/p>\n\t\t\t\t\n\t\t\t<\/div>\n\t\t\t\n\t\t<\/div>\n\t\t\t\t\t\t<\/div>\n\t\t\t\t\t<\/div>\n\t\t<\/div>\n\t\t\t\t\t<\/div>\n\t\t<\/section>\n\t\t\t\t<section class=\"elementor-section elementor-top-section elementor-element elementor-element-2c3e0bd elementor-section-boxed elementor-section-height-default elementor-section-height-default\" data-id=\"2c3e0bd\" data-element_type=\"section\" data-e-type=\"section\" data-settings=\"{&quot;background_background&quot;:&quot;classic&quot;}\">\n\t\t\t\t\t\t<div class=\"elementor-container elementor-column-gap-default\">\n\t\t\t\t\t<div class=\"elementor-column elementor-col-25 elementor-top-column elementor-element elementor-element-50bf4cf\" data-id=\"50bf4cf\" data-element_type=\"column\" data-e-type=\"column\">\n\t\t\t<div class=\"elementor-widget-wrap elementor-element-populated\">\n\t\t\t\t\t\t<div class=\"elementor-element elementor-element-d55fe35 elementor-widget__width-initial elementor-view-default elementor-position-block-start elementor-mobile-position-block-start elementor-widget elementor-widget-icon-box\" data-id=\"d55fe35\" data-element_type=\"widget\" data-e-type=\"widget\" data-widget_type=\"icon-box.default\">\n\t\t\t\t\t\t\t<div class=\"elementor-icon-box-wrapper\">\n\n\t\t\t\t\t\t<div class=\"elementor-icon-box-icon\">\n\t\t\t\t<span  class=\"elementor-icon elementor-animation-grow\">\n\t\t\t\t<svg aria-hidden=\"true\" class=\"e-font-icon-svg e-fas-people-arrows\" viewBox=\"0 0 576 512\" xmlns=\"http:\/\/www.w3.org\/2000\/svg\"><path d=\"M96,128A64,64,0,1,0,32,64,64,64,0,0,0,96,128Zm0,176.08a44.11,44.11,0,0,1,13.64-32L181.77,204c1.65-1.55,3.77-2.31,5.61-3.57A63.91,63.91,0,0,0,128,160H64A64,64,0,0,0,0,224v96a32,32,0,0,0,32,32V480a32,32,0,0,0,32,32h64a32,32,0,0,0,32-32V383.61l-50.36-47.53A44.08,44.08,0,0,1,96,304.08ZM480,128a64,64,0,1,0-64-64A64,64,0,0,0,480,128Zm32,32H448a63.91,63.91,0,0,0-59.38,40.42c1.84,1.27,4,2,5.62,3.59l72.12,68.06a44.37,44.37,0,0,1,0,64L416,383.62V480a32,32,0,0,0,32,32h64a32,32,0,0,0,32-32V352a32,32,0,0,0,32-32V224A64,64,0,0,0,512,160ZM444.4,295.34l-72.12-68.06A12,12,0,0,0,352,236v36H224V236a12,12,0,0,0-20.28-8.73L131.6,295.34a12.4,12.4,0,0,0,0,17.47l72.12,68.07A12,12,0,0,0,224,372.14V336H352v36.14a12,12,0,0,0,20.28,8.74l72.12-68.07A12.4,12.4,0,0,0,444.4,295.34Z\"><\/path><\/svg>\t\t\t\t<\/span>\n\t\t\t<\/div>\n\t\t\t\n\t\t\t\t\t\t<div class=\"elementor-icon-box-content\">\n\n\t\t\t\t\t\t\t\t\t<h6 class=\"elementor-icon-box-title\">\n\t\t\t\t\t\t<span  >\n\t\t\t\t\t\t\tConductor addicional sense cost extra\t\t\t\t\t\t<\/span>\n\t\t\t\t\t<\/h6>\n\t\t\t\t\n\t\t\t\t\t\t\t\t\t<p class=\"elementor-icon-box-description\">\n\t\t\t\t\t\tComparteix la conducci\u00f3 amb qui prefereixis, sense pagar de m\u00e9s.\t\t\t\t\t<\/p>\n\t\t\t\t\n\t\t\t<\/div>\n\t\t\t\n\t\t<\/div>\n\t\t\t\t\t\t<\/div>\n\t\t\t\t\t<\/div>\n\t\t<\/div>\n\t\t\t\t<div class=\"elementor-column elementor-col-25 elementor-top-column elementor-element elementor-element-484abb9\" data-id=\"484abb9\" data-element_type=\"column\" data-e-type=\"column\">\n\t\t\t<div class=\"elementor-widget-wrap elementor-element-populated\">\n\t\t\t\t\t\t<div class=\"elementor-element elementor-element-68af19e elementor-view-default elementor-position-block-start elementor-mobile-position-block-start elementor-widget elementor-widget-icon-box\" data-id=\"68af19e\" data-element_type=\"widget\" data-e-type=\"widget\" data-widget_type=\"icon-box.default\">\n\t\t\t\t\t\t\t<div class=\"elementor-icon-box-wrapper\">\n\n\t\t\t\t\t\t<div class=\"elementor-icon-box-icon\">\n\t\t\t\t<span  class=\"elementor-icon elementor-animation-grow\">\n\t\t\t\t<svg aria-hidden=\"true\" class=\"e-font-icon-svg e-fas-infinity\" viewBox=\"0 0 640 512\" xmlns=\"http:\/\/www.w3.org\/2000\/svg\"><path d=\"M471.1 96C405 96 353.3 137.3 320 174.6 286.7 137.3 235 96 168.9 96 75.8 96 0 167.8 0 256s75.8 160 168.9 160c66.1 0 117.8-41.3 151.1-78.6 33.3 37.3 85 78.6 151.1 78.6 93.1 0 168.9-71.8 168.9-160S564.2 96 471.1 96zM168.9 320c-40.2 0-72.9-28.7-72.9-64s32.7-64 72.9-64c38.2 0 73.4 36.1 94 64-20.4 27.6-55.9 64-94 64zm302.2 0c-38.2 0-73.4-36.1-94-64 20.4-27.6 55.9-64 94-64 40.2 0 72.9 28.7 72.9 64s-32.7 64-72.9 64z\"><\/path><\/svg>\t\t\t\t<\/span>\n\t\t\t<\/div>\n\t\t\t\n\t\t\t\t\t\t<div class=\"elementor-icon-box-content\">\n\n\t\t\t\t\t\t\t\t\t<h6 class=\"elementor-icon-box-title\">\n\t\t\t\t\t\t<span  >\n\t\t\t\t\t\t\tQuilometratge il\u00b7limitat\t\t\t\t\t\t<\/span>\n\t\t\t\t\t<\/h6>\n\t\t\t\t\n\t\t\t\t\t\t\t\t\t<p class=\"elementor-icon-box-description\">\n\t\t\t\t\t\tRecorre l\u00b4illa sense restriccions ni preocupacions pels quil\u00f2metres recorreguts.\t\t\t\t\t<\/p>\n\t\t\t\t\n\t\t\t<\/div>\n\t\t\t\n\t\t<\/div>\n\t\t\t\t\t\t<\/div>\n\t\t\t\t\t<\/div>\n\t\t<\/div>\n\t\t\t\t<div class=\"elementor-column elementor-col-25 elementor-top-column elementor-element elementor-element-3863db8\" data-id=\"3863db8\" data-element_type=\"column\" data-e-type=\"column\">\n\t\t\t<div class=\"elementor-widget-wrap elementor-element-populated\">\n\t\t\t\t\t\t<div class=\"elementor-element elementor-element-c50ffff elementor-view-default elementor-position-block-start elementor-mobile-position-block-start elementor-widget elementor-widget-icon-box\" data-id=\"c50ffff\" data-element_type=\"widget\" data-e-type=\"widget\" data-widget_type=\"icon-box.default\">\n\t\t\t\t\t\t\t<div class=\"elementor-icon-box-wrapper\">\n\n\t\t\t\t\t\t<div class=\"elementor-icon-box-icon\">\n\t\t\t\t<span  class=\"elementor-icon elementor-animation-grow\">\n\t\t\t\t<svg aria-hidden=\"true\" class=\"e-font-icon-svg e-far-money-bill-alt\" viewBox=\"0 0 640 512\" xmlns=\"http:\/\/www.w3.org\/2000\/svg\"><path d=\"M320 144c-53.02 0-96 50.14-96 112 0 61.85 42.98 112 96 112 53 0 96-50.13 96-112 0-61.86-42.98-112-96-112zm40 168c0 4.42-3.58 8-8 8h-64c-4.42 0-8-3.58-8-8v-16c0-4.42 3.58-8 8-8h16v-55.44l-.47.31a7.992 7.992 0 0 1-11.09-2.22l-8.88-13.31a7.992 7.992 0 0 1 2.22-11.09l15.33-10.22a23.99 23.99 0 0 1 13.31-4.03H328c4.42 0 8 3.58 8 8v88h16c4.42 0 8 3.58 8 8v16zM608 64H32C14.33 64 0 78.33 0 96v320c0 17.67 14.33 32 32 32h576c17.67 0 32-14.33 32-32V96c0-17.67-14.33-32-32-32zm-16 272c-35.35 0-64 28.65-64 64H112c0-35.35-28.65-64-64-64V176c35.35 0 64-28.65 64-64h416c0 35.35 28.65 64 64 64v160z\"><\/path><\/svg>\t\t\t\t<\/span>\n\t\t\t<\/div>\n\t\t\t\n\t\t\t\t\t\t<div class=\"elementor-icon-box-content\">\n\n\t\t\t\t\t\t\t\t\t<h6 class=\"elementor-icon-box-title\">\n\t\t\t\t\t\t<span  >\n\t\t\t\t\t\t\tTarifes transparents\t\t\t\t\t\t<\/span>\n\t\t\t\t\t<\/h6>\n\t\t\t\t\n\t\t\t\t\t\t\t\t\t<p class=\"elementor-icon-box-description\">\n\t\t\t\t\t\tEl preu que veus \u00e9s el preu final, sense costos addicionals a recollir el vehicle.\t\t\t\t\t<\/p>\n\t\t\t\t\n\t\t\t<\/div>\n\t\t\t\n\t\t<\/div>\n\t\t\t\t\t\t<\/div>\n\t\t\t\t\t<\/div>\n\t\t<\/div>\n\t\t\t\t<div class=\"elementor-column elementor-col-25 elementor-top-column elementor-element elementor-element-8a74772\" data-id=\"8a74772\" data-element_type=\"column\" data-e-type=\"column\">\n\t\t\t<div class=\"elementor-widget-wrap elementor-element-populated\">\n\t\t\t\t\t\t<div class=\"elementor-element elementor-element-5ef2ef8 elementor-view-default elementor-position-block-start elementor-mobile-position-block-start elementor-widget elementor-widget-icon-box\" data-id=\"5ef2ef8\" data-element_type=\"widget\" data-e-type=\"widget\" data-widget_type=\"icon-box.default\">\n\t\t\t\t\t\t\t<div class=\"elementor-icon-box-wrapper\">\n\n\t\t\t\t\t\t<div class=\"elementor-icon-box-icon\">\n\t\t\t\t<span  class=\"elementor-icon elementor-animation-grow\">\n\t\t\t\t<svg aria-hidden=\"true\" class=\"e-font-icon-svg e-fas-key\" viewBox=\"0 0 512 512\" xmlns=\"http:\/\/www.w3.org\/2000\/svg\"><path d=\"M512 176.001C512 273.203 433.202 352 336 352c-11.22 0-22.19-1.062-32.827-3.069l-24.012 27.014A23.999 23.999 0 0 1 261.223 384H224v40c0 13.255-10.745 24-24 24h-40v40c0 13.255-10.745 24-24 24H24c-13.255 0-24-10.745-24-24v-78.059c0-6.365 2.529-12.47 7.029-16.971l161.802-161.802C163.108 213.814 160 195.271 160 176 160 78.798 238.797.001 335.999 0 433.488-.001 512 78.511 512 176.001zM336 128c0 26.51 21.49 48 48 48s48-21.49 48-48-21.49-48-48-48-48 21.49-48 48z\"><\/path><\/svg>\t\t\t\t<\/span>\n\t\t\t<\/div>\n\t\t\t\n\t\t\t\t\t\t<div class=\"elementor-icon-box-content\">\n\n\t\t\t\t\t\t\t\t\t<h6 class=\"elementor-icon-box-title\">\n\t\t\t\t\t\t<span  >\n\t\t\t\t\t\t\tCancel\u00b7laci\u00f3 gratu\u00efta\t\t\t\t\t\t<\/span>\n\t\t\t\t\t<\/h6>\n\t\t\t\t\n\t\t\t\t\t\t\t\t\t<p class=\"elementor-icon-box-description\">\n\t\t\t\t\t\tSi canvieu de plans, podeu cancel\u00b7lar sense penalitzaci\u00f3 fins a 72 hores abans de la vostra arribada.\t\t\t\t\t<\/p>\n\t\t\t\t\n\t\t\t<\/div>\n\t\t\t\n\t\t<\/div>\n\t\t\t\t\t\t<\/div>\n\t\t\t\t\t<\/div>\n\t\t<\/div>\n\t\t\t\t\t<\/div>\n\t\t<\/section>\n\t\t\t\t<section class=\"elementor-section elementor-top-section elementor-element elementor-element-af93408 elementor-section-boxed elementor-section-height-default elementor-section-height-default\" data-id=\"af93408\" data-element_type=\"section\" data-e-type=\"section\">\n\t\t\t\t\t\t<div class=\"elementor-container elementor-column-gap-default\">\n\t\t\t\t\t<div class=\"elementor-column elementor-col-100 elementor-top-column elementor-element elementor-element-bbe1199\" data-id=\"bbe1199\" data-element_type=\"column\" data-e-type=\"column\">\n\t\t\t<div class=\"elementor-widget-wrap elementor-element-populated\">\n\t\t\t\t\t\t<div class=\"elementor-element elementor-element-0a68ea3 elementor-widget elementor-widget-heading\" data-id=\"0a68ea3\" data-element_type=\"widget\" data-e-type=\"widget\" data-widget_type=\"heading.default\">\n\t\t\t\t\t<h2 class=\"elementor-heading-title elementor-size-default\">Com recollir el teu cotxe a l'aeroport de Menorca (Ma\u00f3)<\/h2>\t\t\t\t<\/div>\n\t\t\t\t\t<\/div>\n\t\t<\/div>\n\t\t\t\t\t<\/div>\n\t\t<\/section>\n\t\t\t\t<section class=\"elementor-section elementor-top-section elementor-element elementor-element-bc12f94 elementor-section-boxed elementor-section-height-default elementor-section-height-default\" data-id=\"bc12f94\" data-element_type=\"section\" data-e-type=\"section\">\n\t\t\t\t\t\t<div class=\"elementor-container elementor-column-gap-default\">\n\t\t\t\t\t<div class=\"elementor-column elementor-col-100 elementor-top-column elementor-element elementor-element-14106d7\" data-id=\"14106d7\" data-element_type=\"column\" data-e-type=\"column\">\n\t\t\t<div class=\"elementor-widget-wrap elementor-element-populated\">\n\t\t\t\t\t\t<div class=\"elementor-element elementor-element-59ce5fe elementor-widget elementor-widget-text-editor\" data-id=\"59ce5fe\" data-element_type=\"widget\" data-e-type=\"widget\" data-widget_type=\"text-editor.default\">\n\t\t\t\t\t\t\t\t\t<p><strong>\u00a01- Lliurament a l&#8217;aeroport<\/strong>: Recull el teu cotxe directament a l&#8217;aterrar a l&#8217;aeroport de Menorca. El nostre personal estar\u00e0 esperant-te al costat de la caseta del p\u00e0rquing, tot sortint de l&#8217;aeroport, amb un cartell identificatiu de Menorca Rent. Aix\u00f2 garanteix un proc\u00e9s r\u00e0pid i senzill.<\/p><p><b style=\"background-color: var(--body-bg);\">\u00a02- Key&amp;Go disponible<\/b><span style=\"background-color: var(--body-bg);\">: Pots optar pel nostre sistema Key&amp;Go en qualsevol moment del dia per recollir les claus de forma r\u00e0pida, c\u00f2moda i m\u00e9s econ\u00f2mica. A partir de les 21:30, recomanem aquest m\u00e8tode per a m\u00e9s comoditat a l&#8217;aeroport.<\/span><\/p><p><b>\u00a03- Documentaci\u00f3<\/b>: Presenta la teva reserva i la documentaci\u00f3 requerida (DNI o passaport i perm\u00eds de conduir).<\/p><p><b>\u00a04- Lliurament del vehicle<\/b>: Despr\u00e9s d&#8217;una explicaci\u00f3 breu sobre el vehicle i les condicions del lloguer, rebr\u00e0s les claus i estar\u00e0s llest per comen\u00e7ar la teva aventura.<\/p><p><b>\u00a05- Assist\u00e8ncia personalitzada<\/b>: Si tens dubtes o necessites ajustaments, el nostre equip estar\u00e0 all\u00e0 per ajudar-te.<\/p><p>\u00a1En pocs minuts tindr\u00e0s el teu cotxe i estar\u00e0s cam\u00ed de les teves destinacions preferides a Menorca!<\/p>\t\t\t\t\t\t\t\t<\/div>\n\t\t\t\t<div class=\"elementor-element elementor-element-35afbe6 elementor-widget elementor-widget-image\" data-id=\"35afbe6\" data-element_type=\"widget\" data-e-type=\"widget\" data-widget_type=\"image.default\">\n\t\t\t\t\t\t\t\t\t\t\t\t\t\t\t<img fetchpriority=\"high\" decoding=\"async\" width=\"640\" height=\"360\" src=\"https:\/\/www.menorcarent.com\/wp-content\/uploads\/2025\/02\/Aeroport-menorca-arribades.webp\" class=\"attachment-large size-large wp-image-7964\" alt=\"Aeroport Menorca arribades\" srcset=\"https:\/\/www.menorcarent.com\/wp-content\/uploads\/2025\/02\/Aeroport-menorca-arribades.webp 800w, https:\/\/www.menorcarent.com\/wp-content\/uploads\/2025\/02\/Aeroport-menorca-arribades-300x169.webp 300w, https:\/\/www.menorcarent.com\/wp-content\/uploads\/2025\/02\/Aeroport-menorca-arribades-768x432.webp 768w\" sizes=\"(max-width: 640px) 100vw, 640px\" \/>\t\t\t\t\t\t\t\t\t\t\t\t\t\t\t<\/div>\n\t\t\t\t\t<\/div>\n\t\t<\/div>\n\t\t\t\t\t<\/div>\n\t\t<\/section>\n\t\t\t\t<section class=\"elementor-section elementor-top-section elementor-element elementor-element-9a48848 elementor-section-boxed elementor-section-height-default elementor-section-height-default\" data-id=\"9a48848\" data-element_type=\"section\" data-e-type=\"section\">\n\t\t\t\t\t\t<div class=\"elementor-container elementor-column-gap-default\">\n\t\t\t\t\t<div class=\"elementor-column elementor-col-100 elementor-top-column elementor-element elementor-element-2c350de\" data-id=\"2c350de\" data-element_type=\"column\" data-e-type=\"column\">\n\t\t\t<div class=\"elementor-widget-wrap\">\n\t\t\t\t\t\t\t<\/div>\n\t\t<\/div>\n\t\t\t\t\t<\/div>\n\t\t<\/section>\n\t\t\t\t<section class=\"elementor-section elementor-top-section elementor-element elementor-element-981679f elementor-section-boxed elementor-section-height-default elementor-section-height-default\" data-id=\"981679f\" data-element_type=\"section\" data-e-type=\"section\">\n\t\t\t\t\t\t<div class=\"elementor-container elementor-column-gap-default\">\n\t\t\t\t\t<div class=\"elementor-column elementor-col-100 elementor-top-column elementor-element elementor-element-12f6e82\" data-id=\"12f6e82\" data-element_type=\"column\" data-e-type=\"column\">\n\t\t\t<div class=\"elementor-widget-wrap elementor-element-populated\">\n\t\t\t\t\t\t<div class=\"elementor-element elementor-element-254f175 elementor-widget elementor-widget-heading\" data-id=\"254f175\" data-element_type=\"widget\" data-e-type=\"widget\" data-widget_type=\"heading.default\">\n\t\t\t\t\t<h2 class=\"elementor-heading-title elementor-size-default\">Empresa de lloguer de cotxes a Aeroport de Menorca (Ma\u00f3)<\/h2>\t\t\t\t<\/div>\n\t\t\t\t<div class=\"elementor-element elementor-element-b866fb1 elementor-widget elementor-widget-text-editor\" data-id=\"b866fb1\" data-element_type=\"widget\" data-e-type=\"widget\" data-widget_type=\"text-editor.default\">\n\t\t\t\t\t\t\t\t\t<p>\u00a0A <strong>Menorca Rent<\/strong> no nom\u00e9s oferim una \u00e0mplia flota de vehicles, sin\u00f3 tamb\u00e9 un servei pensat per fer de les teves vacances una experi\u00e8ncia \u00fanica. El nostre equip est\u00e0 comprom\u00e8s a garantir que gaudeixis de la m\u00e0xima comoditat des del moment que aterres a <b>l&#8217;aeroport de Menorca (Ma\u00f3)<\/b>.<\/p><p>\u00a0Cobertura limitada a ubicacions clau: Oferim devolucions a l&#8217;aeroport de Menorca, Ma\u00f3, a <b>l&#8217;estaci\u00f3 d&#8217;autobusos de Ma\u00f3<\/b> i als <b>hotels de Ma\u00f3<\/b> per a la teva comoditat. Servei personalitzat: Recollim i lliurem el cotxe on ho necessitis. Ideal per a turistes i negocis: Dissenyat tant per a vacances com per a visites professionals.<\/p>\t\t\t\t\t\t\t\t<\/div>\n\t\t\t\t<div class=\"elementor-element elementor-element-b62e45a elementor-widget elementor-widget-heading\" data-id=\"b62e45a\" data-element_type=\"widget\" data-e-type=\"widget\" data-widget_type=\"heading.default\">\n\t\t\t\t\t<h2 class=\"elementor-heading-title elementor-size-default\">Reserva el Cotxe Barat a l'Aeroport de Menorca<\/h2>\t\t\t\t<\/div>\n\t\t\t\t<div class=\"elementor-element elementor-element-fd1c3ae elementor-widget elementor-widget-text-editor\" data-id=\"fd1c3ae\" data-element_type=\"widget\" data-e-type=\"widget\" data-widget_type=\"text-editor.default\">\n\t\t\t\t\t\t\t\t\t<p>&nbsp;No esperis m\u00e9s! Reserva el cotxe amb <b>Menorca Rent<\/b> i assegura la millor experi\u00e8ncia de <b>lloguer a l&#8217;aeroport de Menorca<\/b>. Amb preus econ\u00f2mics, cancel\u00b7laci\u00f3 gratu\u00efta i total transpar\u00e8ncia, som aqu\u00ed per fer que les teves vacances siguin inoblidables.<\/p>\n<p>&nbsp;Descobreix<b> Menorca<\/b> al teu ritme amb <b>Menorca Rent<\/b>! Llogui el teu cotxe economic a <b>l&#8217;aeroport de Menorca<\/b> amb les millors condicions. Aprofita quil\u00f2metres il\u00b7limitats, flexibilitat total i preus tancats per gaudir al m\u00e0xim de la teva estada a l&#8217;illa turquesa. Reserva avui mateix per garantir el teu cotxe ideal i comen\u00e7a les vacances sense complicacions.<\/p>\t\t\t\t\t\t\t\t<\/div>\n\t\t\t\t\t<\/div>\n\t\t<\/div>\n\t\t\t\t\t<\/div>\n\t\t<\/section>\n\t\t\t\t<section class=\"elementor-section elementor-top-section elementor-element elementor-element-dcd0b39 elementor-section-boxed elementor-section-height-default elementor-section-height-default\" data-id=\"dcd0b39\" data-element_type=\"section\" data-e-type=\"section\">\n\t\t\t\t\t\t<div class=\"elementor-container elementor-column-gap-default\">\n\t\t\t\t\t<div class=\"elementor-column elementor-col-100 elementor-top-column elementor-element elementor-element-671c12a\" data-id=\"671c12a\" data-element_type=\"column\" data-e-type=\"column\">\n\t\t\t<div class=\"elementor-widget-wrap elementor-element-populated\">\n\t\t\t\t\t\t<div class=\"elementor-element elementor-element-d3a1b4d elementor-button-info elementor-align-center e-transform elementor-widget elementor-widget-button\" data-id=\"d3a1b4d\" data-element_type=\"widget\" data-e-type=\"widget\" data-settings=\"{&quot;_transform_translateX_effect&quot;:{&quot;unit&quot;:&quot;px&quot;,&quot;size&quot;:&quot;&quot;,&quot;sizes&quot;:[]},&quot;_transform_translateX_effect_tablet&quot;:{&quot;unit&quot;:&quot;px&quot;,&quot;size&quot;:&quot;&quot;,&quot;sizes&quot;:[]},&quot;_transform_translateX_effect_mobile&quot;:{&quot;unit&quot;:&quot;px&quot;,&quot;size&quot;:&quot;&quot;,&quot;sizes&quot;:[]},&quot;_transform_translateY_effect&quot;:{&quot;unit&quot;:&quot;px&quot;,&quot;size&quot;:&quot;&quot;,&quot;sizes&quot;:[]},&quot;_transform_translateY_effect_tablet&quot;:{&quot;unit&quot;:&quot;px&quot;,&quot;size&quot;:&quot;&quot;,&quot;sizes&quot;:[]},&quot;_transform_translateY_effect_mobile&quot;:{&quot;unit&quot;:&quot;px&quot;,&quot;size&quot;:&quot;&quot;,&quot;sizes&quot;:[]}}\" data-ancla=\"\" data-widget_type=\"button.default\">\n\t\t\t\t\t\t\t\t\t\t<a class=\"elementor-button elementor-button-link elementor-size-sm elementor-animation-shrink\" href=\"#lloguer-cotxes-aeroport-menorca\">\n\t\t\t\t\t\t<span class=\"elementor-button-content-wrapper\">\n\t\t\t\t\t\t<span class=\"elementor-button-icon\">\n\t\t\t\t<svg aria-hidden=\"true\" class=\"e-font-icon-svg e-fas-check\" viewBox=\"0 0 512 512\" xmlns=\"http:\/\/www.w3.org\/2000\/svg\"><path d=\"M173.898 439.404l-166.4-166.4c-9.997-9.997-9.997-26.206 0-36.204l36.203-36.204c9.997-9.998 26.207-9.998 36.204 0L192 312.69 432.095 72.596c9.997-9.997 26.207-9.997 36.204 0l36.203 36.204c9.997 9.997 9.997 26.206 0 36.204l-294.4 294.401c-9.998 9.997-26.207 9.997-36.204-.001z\"><\/path><\/svg>\t\t\t<\/span>\n\t\t\t\t\t\t\t\t\t<span class=\"elementor-button-text\">Reserva el teu cotxe ara<\/span>\n\t\t\t\t\t<\/span>\n\t\t\t\t\t<\/a>\n\t\t\t\t\t\t\t\t<\/div>\n\t\t\t\t\t<\/div>\n\t\t<\/div>\n\t\t\t\t\t<\/div>\n\t\t<\/section>\n\t\t\t\t<\/div>\n\t\t","protected":false},"excerpt":{"rendered":"<p>Lloguer cotxes aeroport Menorca \u00a0Si busqueu la manera m\u00e9s c\u00f2moda i r\u00e0pida de moure&#8217;t per l&#8217;illa, llogar un cotxe a l&#8217;aeroport de Menorca \u00e9s l&#8217;opci\u00f3 ideal. Amb el vehicle llest nom\u00e9s aterrar, nom\u00e9s haur\u00e0s de recollir les maletes i dirigir-te directament a la teva destinaci\u00f3 sense dependre de transport p\u00fablic ni llargues esperes. \u00a0El nostre<\/p>\n","protected":false},"author":1,"featured_media":0,"parent":0,"menu_order":0,"comment_status":"closed","ping_status":"closed","template":"elementor_header_footer","meta":{"footnotes":""},"class_list":["post-1532","page","type-page","status-publish","hentry"],"_links":{"self":[{"href":"https:\/\/www.menorcarent.com\/ca\/wp-json\/wp\/v2\/pages\/1532","targetHints":{"allow":["GET"]}}],"collection":[{"href":"https:\/\/www.menorcarent.com\/ca\/wp-json\/wp\/v2\/pages"}],"about":[{"href":"https:\/\/www.menorcarent.com\/ca\/wp-json\/wp\/v2\/types\/page"}],"author":[{"embeddable":true,"href":"https:\/\/www.menorcarent.com\/ca\/wp-json\/wp\/v2\/users\/1"}],"replies":[{"embeddable":true,"href":"https:\/\/www.menorcarent.com\/ca\/wp-json\/wp\/v2\/comments?post=1532"}],"version-history":[{"count":7,"href":"https:\/\/www.menorcarent.com\/ca\/wp-json\/wp\/v2\/pages\/1532\/revisions"}],"predecessor-version":[{"id":7971,"href":"https:\/\/www.menorcarent.com\/ca\/wp-json\/wp\/v2\/pages\/1532\/revisions\/7971"}],"wp:attachment":[{"href":"https:\/\/www.menorcarent.com\/ca\/wp-json\/wp\/v2\/media?parent=1532"}],"curies":[{"name":"wp","href":"https:\/\/api.w.org\/{rel}","templated":true}]}}