{"id":9371,"date":"2024-06-06T21:52:25","date_gmt":"2024-06-06T19:52:25","guid":{"rendered":"https:\/\/www.menorcarent.com\/?page_id=9371"},"modified":"2025-08-15T12:45:13","modified_gmt":"2025-08-15T10:45:13","slug":"politica-de-cancellacions","status":"publish","type":"page","link":"https:\/\/www.menorcarent.com\/ca\/politica-de-cancellacions\/","title":{"rendered":"Pol\u00edtica de Cancel\u00b7lacions"},"content":{"rendered":"\t\t<div data-elementor-type=\"wp-page\" data-elementor-id=\"9371\" class=\"elementor elementor-9371 elementor-5195\">\n\t\t\t\t\t\t<section class=\"elementor-section elementor-top-section elementor-element elementor-element-c33f65e elementor-section-boxed elementor-section-height-default elementor-section-height-default\" data-id=\"c33f65e\" data-element_type=\"section\" data-e-type=\"section\">\n\t\t\t\t\t\t<div class=\"elementor-container elementor-column-gap-default\">\n\t\t\t\t\t<div class=\"elementor-column elementor-col-100 elementor-top-column elementor-element elementor-element-fc46a65\" data-id=\"fc46a65\" data-element_type=\"column\" data-e-type=\"column\">\n\t\t\t<div class=\"elementor-widget-wrap elementor-element-populated\">\n\t\t\t\t\t\t<div class=\"elementor-element elementor-element-d621d15 elementor-widget elementor-widget-html\" data-id=\"d621d15\" data-element_type=\"widget\" data-e-type=\"widget\" data-widget_type=\"html.default\">\n\t\t\t\t\t<section id=\"menorcarent-cancellation-policy\">\r\n  <h2>Pol\u00edtica de Cancel\u00b7laci\u00f3 de Reserves Menorcarent<\/h2>\r\n  <p>\r\n    A Menorcarent lloguer de cotxes a Menorca, entenem que els plans poden canviar de manera inesperada.\r\n    Per aix\u00f2, oferim una pol\u00edtica de cancel\u00b7laci\u00f3 flexible per adaptar-nos a les necessitats dels nostres clients.\r\n    A continuaci\u00f3 trobar\u00e0s les nostres condicions de cancel\u00b7laci\u00f3:\r\n  <\/p>\r\n\r\n  <h3>Reserves amb Pagament a la Recollida<\/h3>\r\n  <ul>\r\n    <li><strong>Cancel\u00b7lacions Anticipades:<\/strong> Pots cancel\u00b7lar sense cap cost fins a 72 hores abans de la data i hora previstes per a la recollida del vehicle.<\/li>\r\n    <li><strong>Cancel\u00b7lacions Tardanes:<\/strong> Si la cancel\u00b7laci\u00f3 es fa amb menys de 72 hores d\u2019antelaci\u00f3, s\u2019aplicar\u00e0 una penalitzaci\u00f3 de 50 \u20ac.<\/li>\r\n  <\/ul>\r\n\r\n  <h3>Reserves Prepagades<\/h3>\r\n  <ul>\r\n    <li><strong>Cancel\u00b7lacions Anticipades:<\/strong> Pots cancel\u00b7lar fins a 72 hores abans de la data i hora previstes. L\u2019import abonat es retornar\u00e0 menys 50 \u20ac en concepte de despeses de gesti\u00f3.<\/li>\r\n    <li><strong>Cancel\u00b7lacions Tardanes:<\/strong> Si la cancel\u00b7laci\u00f3 es fa amb menys de 72 hores d\u2019antelaci\u00f3, l\u2019import prepagat no es retornar\u00e0.<\/li>\r\n  <\/ul>\r\n\r\n  <h3>Com Cancel\u00b7lar una Reserva<\/h3>\r\n  <p>Per cancel\u00b7lar la teva reserva, pots contactar-nos a trav\u00e9s de:<\/p>\r\n  <ul>\r\n    <li>Correu electr\u00f2nic: <a href=\"mailto:menorcarent@gmail.com\">menorcarent@gmail.com<\/a> (responent a la confirmaci\u00f3 de la reserva o enviant un nou correu).<\/li>\r\n  <\/ul>\r\n  <p>Si us plau, tingues a m\u00e0 el n\u00famero de reserva per facilitar el proc\u00e9s.<\/p>\r\n\r\n  <h3>Nota Important<\/h3>\r\n  <p>\r\n    Les pol\u00edtiques de cancel\u00b7laci\u00f3 poden variar en funci\u00f3 de l\u2019oferta espec\u00edfica o de la temporada.\r\n    Et recomanem revisar les condicions de la reserva en el moment de la contractaci\u00f3.\r\n  <\/p>\r\n  <p>\r\n    En cas de no presentar-te a recollir el vehicle sense haver realitzat una cancel\u00b7laci\u00f3 pr\u00e8via,\r\n    s\u2019aplicar\u00e0 una penalitzaci\u00f3 de 50 \u20ac (per a reserves amb pagament a la recollida) i no es retornar\u00e0 cap import (per a reserves prepagades).\r\n  <\/p>\r\n\r\n  <p>\r\n    Agra\u00efm la teva comprensi\u00f3 i col\u00b7laboraci\u00f3. A Menorcarent lloguer de cotxes a Menorca,\r\n    ens esforcem per oferir-te el millor servei i la m\u00e0xima flexibilitat possible per a la teva comoditat.\r\n  <\/p>\r\n<\/section>\r\n\t\t\t\t<\/div>\n\t\t\t\t\t<\/div>\n\t\t<\/div>\n\t\t\t\t\t<\/div>\n\t\t<\/section>\n\t\t\t\t<\/div>\n\t\t","protected":false},"excerpt":{"rendered":"<p>Pol\u00edtica de Cancel\u00b7laci\u00f3 de Reserves Menorcarent A Menorcarent lloguer de cotxes a Menorca, entenem que els plans poden canviar de manera inesperada. Per aix\u00f2, oferim una pol\u00edtica de cancel\u00b7laci\u00f3 flexible per adaptar-nos a les necessitats dels nostres clients. A continuaci\u00f3 trobar\u00e0s les nostres condicions de cancel\u00b7laci\u00f3: Reserves amb Pagament a la Recollida Cancel\u00b7lacions Anticipades: Pots<\/p>\n","protected":false},"author":1,"featured_media":0,"parent":0,"menu_order":0,"comment_status":"closed","ping_status":"closed","template":"elementor_header_footer","meta":{"footnotes":""},"class_list":["post-9371","page","type-page","status-publish","hentry"],"_links":{"self":[{"href":"https:\/\/www.menorcarent.com\/ca\/wp-json\/wp\/v2\/pages\/9371","targetHints":{"allow":["GET"]}}],"collection":[{"href":"https:\/\/www.menorcarent.com\/ca\/wp-json\/wp\/v2\/pages"}],"about":[{"href":"https:\/\/www.menorcarent.com\/ca\/wp-json\/wp\/v2\/types\/page"}],"author":[{"embeddable":true,"href":"https:\/\/www.menorcarent.com\/ca\/wp-json\/wp\/v2\/users\/1"}],"replies":[{"embeddable":true,"href":"https:\/\/www.menorcarent.com\/ca\/wp-json\/wp\/v2\/comments?post=9371"}],"version-history":[{"count":4,"href":"https:\/\/www.menorcarent.com\/ca\/wp-json\/wp\/v2\/pages\/9371\/revisions"}],"predecessor-version":[{"id":9389,"href":"https:\/\/www.menorcarent.com\/ca\/wp-json\/wp\/v2\/pages\/9371\/revisions\/9389"}],"wp:attachment":[{"href":"https:\/\/www.menorcarent.com\/ca\/wp-json\/wp\/v2\/media?parent=9371"}],"curies":[{"name":"wp","href":"https:\/\/api.w.org\/{rel}","templated":true}]}}